{"id":11310,"date":"2020-12-01T12:45:46","date_gmt":"2020-12-01T12:45:46","guid":{"rendered":"https:\/\/www.inhoorn.nl\/einkaufen-gastgewerbe\/acties\/hoorn-modestad\/"},"modified":"2022-09-07T09:32:25","modified_gmt":"2022-09-07T07:32:25","slug":"hoorn-modestad","status":"publish","type":"page","link":"https:\/\/www.inhoorn.nl\/de\/einkaufen-gastgewerbe\/acties\/hoorn-modestad\/","title":{"rendered":"Hoorn Modestad"},"content":{"rendered":"\n<div class=\"wp-block-columns is-layout-flex wp-container-core-columns-is-layout-9d6595d7 wp-block-columns-is-layout-flex\">\n<div class=\"wp-block-column is-layout-flow wp-block-column-is-layout-flow\">\n<h2 class=\"wp-block-heading\" id=\"h-die-fashion-events-des-jahres\">Die Fashion-Events des Jahres<\/h2>\n\n\n\n<p>2007 wurde die erste Veranstaltung in Hoorn Modestad organisiert. Seitdem findet jedes letzte Wochenende im M\u00e4rz und September in der Innenstadt von Hoorn ein Modespektakel statt. Auffallend ist, dass sich dieses Modefest zu einem gro\u00dfen Publikumsmagneten entwickelt hat, insbesondere durch die Teilnahme vieler selbstst\u00e4ndiger Unternehmer und Familienunternehmen. M\u00f6chten Sie mehr \u00fcber die Teilnehmer erfahren? Nachfolgend werden sie f\u00fcr Sie \u00fcbersichtlich dargestellt.<\/p>\n<\/div>\n\n\n\n<div class=\"wp-block-column is-layout-flow wp-block-column-is-layout-flow\">\n<figure class=\"wp-block-image size-full\"><img loading=\"lazy\" decoding=\"async\" width=\"656\" height=\"212\" src=\"https:\/\/www.inhoorn.nl\/wp-content\/uploads\/2021\/08\/Logo.png\" alt=\"\" class=\"wp-image-9087\" srcset=\"https:\/\/www.inhoorn.nl\/wp-content\/uploads\/2021\/08\/Logo.png 656w, https:\/\/www.inhoorn.nl\/wp-content\/uploads\/2021\/08\/Logo-300x97.png 300w\" sizes=\"auto, (max-width: 656px) 100vw, 656px\" \/><\/figure>\n<\/div>\n<\/div>\n\n\n\n<p><\/p>\n\n\n\n<div class=\"wp-block-columns is-layout-flex wp-container-core-columns-is-layout-9d6595d7 wp-block-columns-is-layout-flex\">\n<div class=\"wp-block-column is-layout-flow wp-block-column-is-layout-flow\"><\/div>\n<\/div>\n","protected":false},"excerpt":{"rendered":"<p>Die Fashion-Events des Jahres 2007 wurde die erste Veranstaltung in Hoorn Modestad organisiert. Seitdem findet jedes letzte Wochenende im M\u00e4rz und September in der Innenstadt von Hoorn ein Modespektakel statt. Auffallend ist, dass sich dieses Modefest zu einem gro\u00dfen Publikumsmagneten entwickelt hat, insbesondere durch die Teilnahme vieler selbstst\u00e4ndiger Unternehmer und Familienunternehmen. M\u00f6chten Sie mehr \u00fcber [&hellip;]<\/p>\n","protected":false},"author":1,"featured_media":0,"parent":11290,"menu_order":0,"comment_status":"closed","ping_status":"closed","template":"templates\/page-bedrijvengids.php","meta":{"footnotes":""},"class_list":["post-11310","page","type-page","status-publish","hentry"],"yoast_head":"<!-- This site is optimized with the Yoast SEO plugin v27.4 - https:\/\/yoast.com\/product\/yoast-seo-wordpress\/ -->\n<title>Hoorn Modestad - In Hoorn<\/title>\n<meta name=\"robots\" content=\"index, follow, max-snippet:-1, max-image-preview:large, max-video-preview:-1\" \/>\n<link rel=\"canonical\" href=\"https:\/\/www.inhoorn.nl\/de\/einkaufen-gastgewerbe\/acties\/hoorn-modestad\/\" \/>\n<meta property=\"og:locale\" content=\"de_DE\" \/>\n<meta property=\"og:type\" content=\"article\" \/>\n<meta property=\"og:title\" content=\"Hoorn Modestad - In Hoorn\" \/>\n<meta property=\"og:description\" content=\"Die Fashion-Events des Jahres 2007 wurde die erste Veranstaltung in Hoorn Modestad organisiert. Seitdem findet jedes letzte Wochenende im M\u00e4rz und September in der Innenstadt von Hoorn ein Modespektakel statt. Auffallend ist, dass sich dieses Modefest zu einem gro\u00dfen Publikumsmagneten entwickelt hat, insbesondere durch die Teilnahme vieler selbstst\u00e4ndiger Unternehmer und Familienunternehmen. M\u00f6chten Sie mehr \u00fcber [&hellip;]\" \/>\n<meta property=\"og:url\" content=\"https:\/\/www.inhoorn.nl\/de\/einkaufen-gastgewerbe\/acties\/hoorn-modestad\/\" \/>\n<meta property=\"og:site_name\" content=\"In Hoorn\" \/>\n<meta property=\"article:publisher\" content=\"https:\/\/www.facebook.com\/inhoorn.nl\" \/>\n<meta property=\"article:modified_time\" content=\"2022-09-07T07:32:25+00:00\" \/>\n<meta property=\"og:image\" content=\"https:\/\/www.inhoorn.nl\/wp-content\/uploads\/2021\/08\/Logo.png\" \/>\n<meta name=\"twitter:card\" content=\"summary_large_image\" \/>\n<meta name=\"twitter:label1\" content=\"Gesch\u00e4tzte Lesezeit\" \/>\n\t<meta name=\"twitter:data1\" content=\"1\u00a0Minute\" \/>\n<script type=\"application\/ld+json\" class=\"yoast-schema-graph\">{\"@context\":\"https:\\\/\\\/schema.org\",\"@graph\":[{\"@type\":\"WebPage\",\"@id\":\"https:\\\/\\\/www.inhoorn.nl\\\/de\\\/einkaufen-gastgewerbe\\\/acties\\\/hoorn-modestad\\\/\",\"url\":\"https:\\\/\\\/www.inhoorn.nl\\\/de\\\/einkaufen-gastgewerbe\\\/acties\\\/hoorn-modestad\\\/\",\"name\":\"Hoorn Modestad - In Hoorn\",\"isPartOf\":{\"@id\":\"https:\\\/\\\/www.inhoorn.nl\\\/de\\\/#website\"},\"primaryImageOfPage\":{\"@id\":\"https:\\\/\\\/www.inhoorn.nl\\\/de\\\/einkaufen-gastgewerbe\\\/acties\\\/hoorn-modestad\\\/#primaryimage\"},\"image\":{\"@id\":\"https:\\\/\\\/www.inhoorn.nl\\\/de\\\/einkaufen-gastgewerbe\\\/acties\\\/hoorn-modestad\\\/#primaryimage\"},\"thumbnailUrl\":\"https:\\\/\\\/www.inhoorn.nl\\\/wp-content\\\/uploads\\\/2021\\\/08\\\/Logo.png\",\"datePublished\":\"2020-12-01T12:45:46+00:00\",\"dateModified\":\"2022-09-07T07:32:25+00:00\",\"breadcrumb\":{\"@id\":\"https:\\\/\\\/www.inhoorn.nl\\\/de\\\/einkaufen-gastgewerbe\\\/acties\\\/hoorn-modestad\\\/#breadcrumb\"},\"inLanguage\":\"de\",\"potentialAction\":[{\"@type\":\"ReadAction\",\"target\":[\"https:\\\/\\\/www.inhoorn.nl\\\/de\\\/einkaufen-gastgewerbe\\\/acties\\\/hoorn-modestad\\\/\"]}]},{\"@type\":\"ImageObject\",\"inLanguage\":\"de\",\"@id\":\"https:\\\/\\\/www.inhoorn.nl\\\/de\\\/einkaufen-gastgewerbe\\\/acties\\\/hoorn-modestad\\\/#primaryimage\",\"url\":\"https:\\\/\\\/www.inhoorn.nl\\\/wp-content\\\/uploads\\\/2021\\\/08\\\/Logo.png\",\"contentUrl\":\"https:\\\/\\\/www.inhoorn.nl\\\/wp-content\\\/uploads\\\/2021\\\/08\\\/Logo.png\"},{\"@type\":\"BreadcrumbList\",\"@id\":\"https:\\\/\\\/www.inhoorn.nl\\\/de\\\/einkaufen-gastgewerbe\\\/acties\\\/hoorn-modestad\\\/#breadcrumb\",\"itemListElement\":[{\"@type\":\"ListItem\",\"position\":1,\"name\":\"Home\",\"item\":\"https:\\\/\\\/www.inhoorn.nl\\\/de\\\/\"},{\"@type\":\"ListItem\",\"position\":2,\"name\":\"Einkaufen &#038; Gastronomie\",\"item\":\"https:\\\/\\\/www.inhoorn.nl\\\/de\\\/winkelen-horeca\\\/\"},{\"@type\":\"ListItem\",\"position\":3,\"name\":\"Einkaufsaktionen\",\"item\":\"https:\\\/\\\/www.inhoorn.nl\\\/de\\\/winkelen-horeca\\\/acties\\\/\"},{\"@type\":\"ListItem\",\"position\":4,\"name\":\"Hoorn Modestad\"}]},{\"@type\":\"WebSite\",\"@id\":\"https:\\\/\\\/www.inhoorn.nl\\\/de\\\/#website\",\"url\":\"https:\\\/\\\/www.inhoorn.nl\\\/de\\\/\",\"name\":\"In Hoorn\",\"description\":\"D\u00e9 gids voor Hoorn\",\"publisher\":{\"@id\":\"https:\\\/\\\/www.inhoorn.nl\\\/de\\\/#organization\"},\"potentialAction\":[{\"@type\":\"SearchAction\",\"target\":{\"@type\":\"EntryPoint\",\"urlTemplate\":\"https:\\\/\\\/www.inhoorn.nl\\\/de\\\/?s={search_term_string}\"},\"query-input\":{\"@type\":\"PropertyValueSpecification\",\"valueRequired\":true,\"valueName\":\"search_term_string\"}}],\"inLanguage\":\"de\"},{\"@type\":\"Organization\",\"@id\":\"https:\\\/\\\/www.inhoorn.nl\\\/de\\\/#organization\",\"name\":\"InHoorn\",\"url\":\"https:\\\/\\\/www.inhoorn.nl\\\/de\\\/\",\"logo\":{\"@type\":\"ImageObject\",\"inLanguage\":\"de\",\"@id\":\"https:\\\/\\\/www.inhoorn.nl\\\/de\\\/#\\\/schema\\\/logo\\\/image\\\/\",\"url\":\"https:\\\/\\\/www.inhoorn.nl\\\/wp-content\\\/uploads\\\/2022\\\/06\\\/logo_shadow.png\",\"contentUrl\":\"https:\\\/\\\/www.inhoorn.nl\\\/wp-content\\\/uploads\\\/2022\\\/06\\\/logo_shadow.png\",\"width\":600,\"height\":275,\"caption\":\"InHoorn\"},\"image\":{\"@id\":\"https:\\\/\\\/www.inhoorn.nl\\\/de\\\/#\\\/schema\\\/logo\\\/image\\\/\"},\"sameAs\":[\"https:\\\/\\\/www.facebook.com\\\/inhoorn.nl\"]}]}<\/script>\n<!-- \/ Yoast SEO plugin. -->","yoast_head_json":{"title":"Hoorn Modestad - In Hoorn","robots":{"index":"index","follow":"follow","max-snippet":"max-snippet:-1","max-image-preview":"max-image-preview:large","max-video-preview":"max-video-preview:-1"},"canonical":"https:\/\/www.inhoorn.nl\/de\/einkaufen-gastgewerbe\/acties\/hoorn-modestad\/","og_locale":"de_DE","og_type":"article","og_title":"Hoorn Modestad - In Hoorn","og_description":"Die Fashion-Events des Jahres 2007 wurde die erste Veranstaltung in Hoorn Modestad organisiert. Seitdem findet jedes letzte Wochenende im M\u00e4rz und September in der Innenstadt von Hoorn ein Modespektakel statt. Auffallend ist, dass sich dieses Modefest zu einem gro\u00dfen Publikumsmagneten entwickelt hat, insbesondere durch die Teilnahme vieler selbstst\u00e4ndiger Unternehmer und Familienunternehmen. M\u00f6chten Sie mehr \u00fcber [&hellip;]","og_url":"https:\/\/www.inhoorn.nl\/de\/einkaufen-gastgewerbe\/acties\/hoorn-modestad\/","og_site_name":"In Hoorn","article_publisher":"https:\/\/www.facebook.com\/inhoorn.nl","article_modified_time":"2022-09-07T07:32:25+00:00","og_image":[{"url":"https:\/\/www.inhoorn.nl\/wp-content\/uploads\/2021\/08\/Logo.png","type":"","width":"","height":""}],"twitter_card":"summary_large_image","twitter_misc":{"Gesch\u00e4tzte Lesezeit":"1\u00a0Minute"},"schema":{"@context":"https:\/\/schema.org","@graph":[{"@type":"WebPage","@id":"https:\/\/www.inhoorn.nl\/de\/einkaufen-gastgewerbe\/acties\/hoorn-modestad\/","url":"https:\/\/www.inhoorn.nl\/de\/einkaufen-gastgewerbe\/acties\/hoorn-modestad\/","name":"Hoorn Modestad - In Hoorn","isPartOf":{"@id":"https:\/\/www.inhoorn.nl\/de\/#website"},"primaryImageOfPage":{"@id":"https:\/\/www.inhoorn.nl\/de\/einkaufen-gastgewerbe\/acties\/hoorn-modestad\/#primaryimage"},"image":{"@id":"https:\/\/www.inhoorn.nl\/de\/einkaufen-gastgewerbe\/acties\/hoorn-modestad\/#primaryimage"},"thumbnailUrl":"https:\/\/www.inhoorn.nl\/wp-content\/uploads\/2021\/08\/Logo.png","datePublished":"2020-12-01T12:45:46+00:00","dateModified":"2022-09-07T07:32:25+00:00","breadcrumb":{"@id":"https:\/\/www.inhoorn.nl\/de\/einkaufen-gastgewerbe\/acties\/hoorn-modestad\/#breadcrumb"},"inLanguage":"de","potentialAction":[{"@type":"ReadAction","target":["https:\/\/www.inhoorn.nl\/de\/einkaufen-gastgewerbe\/acties\/hoorn-modestad\/"]}]},{"@type":"ImageObject","inLanguage":"de","@id":"https:\/\/www.inhoorn.nl\/de\/einkaufen-gastgewerbe\/acties\/hoorn-modestad\/#primaryimage","url":"https:\/\/www.inhoorn.nl\/wp-content\/uploads\/2021\/08\/Logo.png","contentUrl":"https:\/\/www.inhoorn.nl\/wp-content\/uploads\/2021\/08\/Logo.png"},{"@type":"BreadcrumbList","@id":"https:\/\/www.inhoorn.nl\/de\/einkaufen-gastgewerbe\/acties\/hoorn-modestad\/#breadcrumb","itemListElement":[{"@type":"ListItem","position":1,"name":"Home","item":"https:\/\/www.inhoorn.nl\/de\/"},{"@type":"ListItem","position":2,"name":"Einkaufen &#038; Gastronomie","item":"https:\/\/www.inhoorn.nl\/de\/winkelen-horeca\/"},{"@type":"ListItem","position":3,"name":"Einkaufsaktionen","item":"https:\/\/www.inhoorn.nl\/de\/winkelen-horeca\/acties\/"},{"@type":"ListItem","position":4,"name":"Hoorn Modestad"}]},{"@type":"WebSite","@id":"https:\/\/www.inhoorn.nl\/de\/#website","url":"https:\/\/www.inhoorn.nl\/de\/","name":"In Hoorn","description":"D\u00e9 gids voor Hoorn","publisher":{"@id":"https:\/\/www.inhoorn.nl\/de\/#organization"},"potentialAction":[{"@type":"SearchAction","target":{"@type":"EntryPoint","urlTemplate":"https:\/\/www.inhoorn.nl\/de\/?s={search_term_string}"},"query-input":{"@type":"PropertyValueSpecification","valueRequired":true,"valueName":"search_term_string"}}],"inLanguage":"de"},{"@type":"Organization","@id":"https:\/\/www.inhoorn.nl\/de\/#organization","name":"InHoorn","url":"https:\/\/www.inhoorn.nl\/de\/","logo":{"@type":"ImageObject","inLanguage":"de","@id":"https:\/\/www.inhoorn.nl\/de\/#\/schema\/logo\/image\/","url":"https:\/\/www.inhoorn.nl\/wp-content\/uploads\/2022\/06\/logo_shadow.png","contentUrl":"https:\/\/www.inhoorn.nl\/wp-content\/uploads\/2022\/06\/logo_shadow.png","width":600,"height":275,"caption":"InHoorn"},"image":{"@id":"https:\/\/www.inhoorn.nl\/de\/#\/schema\/logo\/image\/"},"sameAs":["https:\/\/www.facebook.com\/inhoorn.nl"]}]}},"_links":{"self":[{"href":"https:\/\/www.inhoorn.nl\/de\/wp-json\/wp\/v2\/pages\/11310","targetHints":{"allow":["GET"]}}],"collection":[{"href":"https:\/\/www.inhoorn.nl\/de\/wp-json\/wp\/v2\/pages"}],"about":[{"href":"https:\/\/www.inhoorn.nl\/de\/wp-json\/wp\/v2\/types\/page"}],"author":[{"embeddable":true,"href":"https:\/\/www.inhoorn.nl\/de\/wp-json\/wp\/v2\/users\/1"}],"replies":[{"embeddable":true,"href":"https:\/\/www.inhoorn.nl\/de\/wp-json\/wp\/v2\/comments?post=11310"}],"version-history":[{"count":5,"href":"https:\/\/www.inhoorn.nl\/de\/wp-json\/wp\/v2\/pages\/11310\/revisions"}],"predecessor-version":[{"id":13964,"href":"https:\/\/www.inhoorn.nl\/de\/wp-json\/wp\/v2\/pages\/11310\/revisions\/13964"}],"up":[{"embeddable":true,"href":"https:\/\/www.inhoorn.nl\/de\/wp-json\/wp\/v2\/pages\/11290"}],"wp:attachment":[{"href":"https:\/\/www.inhoorn.nl\/de\/wp-json\/wp\/v2\/media?parent=11310"}],"curies":[{"name":"wp","href":"https:\/\/api.w.org\/{rel}","templated":true}]}}